{"id":29740,"date":"2023-03-25T09:00:32","date_gmt":"2023-03-25T08:00:32","guid":{"rendered":"https:\/\/dentelin.tempurl.host\/?page_id=29740"},"modified":"2025-02-19T18:22:51","modified_gmt":"2025-02-19T17:22:51","slug":"gallery","status":"publish","type":"page","link":"https:\/\/dentelin.eu\/en\/gallery\/","title":{"rendered":"Gallery"},"content":{"rendered":"<p>[et_pb_section fb_built=&#8221;1&#8243; _builder_version=&#8221;4.19.5&#8243; _module_preset=&#8221;default&#8221; background_image=&#8221;https:\/\/dentelin.eu\/wp-content\/uploads\/2023\/03\/dentelin-header.jpg&#8221; global_colors_info=&#8221;{}&#8221;][et_pb_row _builder_version=&#8221;4.19.5&#8243; _module_preset=&#8221;default&#8221; max_width=&#8221;80%&#8221; global_colors_info=&#8221;{}&#8221;][et_pb_column type=&#8221;4_4&#8243; _builder_version=&#8221;4.19.5&#8243; _module_preset=&#8221;default&#8221; global_colors_info=&#8221;{}&#8221;][et_pb_text _builder_version=&#8221;4.19.5&#8243; _module_preset=&#8221;default&#8221; header_text_color=&#8221;#FFFFFF&#8221; header_font_size=&#8221;40px&#8221; global_colors_info=&#8221;{}&#8221;]<\/p>\n<h1>Gallery<\/h1>\n<p>[\/et_pb_text][\/et_pb_column][\/et_pb_row][\/et_pb_section][et_pb_section fb_built=&#8221;1&#8243; _builder_version=&#8221;4.19.5&#8243; _module_preset=&#8221;default&#8221; background_color=&#8221;#00060f&#8221; background_image=&#8221;https:\/\/dentelin.eu\/wp-content\/uploads\/2023\/03\/radovi.jpg&#8221; parallax=&#8221;on&#8221; custom_padding=&#8221;0px||208px||false|false&#8221; global_colors_info=&#8221;{}&#8221;][et_pb_row column_structure=&#8221;1_2,1_2&#8243; make_equal=&#8221;on&#8221; _builder_version=&#8221;4.19.5&#8243; _module_preset=&#8221;default&#8221; background_color=&#8221;#242834&#8243; width_tablet=&#8221;&#8221; width_phone=&#8221;100%&#8221; width_last_edited=&#8221;on|phone&#8221; max_width=&#8221;80%&#8221; max_width_tablet=&#8221;80%&#8221; max_width_phone=&#8221;100%&#8221; max_width_last_edited=&#8221;on|phone&#8221; custom_margin=&#8221;0px|auto||auto|false|false&#8221; custom_padding=&#8221;3%|3%|3%|3%|true|true&#8221; border_width_bottom=&#8221;1px&#8221; global_colors_info=&#8221;{}&#8221;][et_pb_column type=&#8221;1_2&#8243; _builder_version=&#8221;4.19.5&#8243; _module_preset=&#8221;default&#8221; global_colors_info=&#8221;{}&#8221;][et_pb_image src=&#8221;https:\/\/dentelin.eu\/wp-content\/uploads\/2023\/03\/Vadenje-zuba-gornje-i-donje-celjusti.jpg&#8221; title_text=&#8221;Vadenje zuba gornje i donje celjusti&#8221; _builder_version=&#8221;4.19.5&#8243; _module_preset=&#8221;default&#8221; global_colors_info=&#8221;{}&#8221;][\/et_pb_image][et_pb_text _builder_version=&#8221;4.19.5&#8243; _module_preset=&#8221;default&#8221; text_text_color=&#8221;#FFFFFF&#8221; text_font_size=&#8221;18px&#8221; global_colors_info=&#8221;{}&#8221;]<\/p>\n<p>Extraction of upper and lower jaw teeth. Placement of dental implants and, after an integration period, production of reduced skeletal bars and prostheses.<\/p>\n<p>[\/et_pb_text][\/et_pb_column][et_pb_column type=&#8221;1_2&#8243; _builder_version=&#8221;4.19.5&#8243; _module_preset=&#8221;default&#8221; global_colors_info=&#8221;{}&#8221;][et_pb_image src=&#8221;https:\/\/dentelin.eu\/wp-content\/uploads\/2023\/03\/Metal-keramicke-krunice-u-gornjoj-i-donjoj-celjusti.jpg&#8221; title_text=&#8221;Metal keramicke krunice u gornjoj i donjoj celjusti&#8221; _builder_version=&#8221;4.19.5&#8243; _module_preset=&#8221;default&#8221; global_colors_info=&#8221;{}&#8221;][\/et_pb_image][et_pb_text _builder_version=&#8221;4.19.5&#8243; _module_preset=&#8221;default&#8221; text_text_color=&#8221;#FFFFFF&#8221; text_font_size=&#8221;18px&#8221; global_colors_info=&#8221;{}&#8221;]<\/p>\n<p>Metallic ceramic crowns in the upper and lower jaw. The patient had 2 teeth extracted, deep curettage and cleaning of the dental arches; treatment of one tooth and cleaning of carious lesions on 5 teeth.<\/p>\n<p>[\/et_pb_text][\/et_pb_column][\/et_pb_row][et_pb_row column_structure=&#8221;1_2,1_2&#8243; make_equal=&#8221;on&#8221; _builder_version=&#8221;4.19.5&#8243; _module_preset=&#8221;default&#8221; background_color=&#8221;#242834&#8243; width_tablet=&#8221;&#8221; width_phone=&#8221;100%&#8221; width_last_edited=&#8221;on|phone&#8221; max_width=&#8221;80%&#8221; max_width_tablet=&#8221;80%&#8221; max_width_phone=&#8221;100%&#8221; max_width_last_edited=&#8221;on|phone&#8221; custom_margin=&#8221;0px|auto||auto|false|false&#8221; custom_padding=&#8221;3%|3%|3%|3%|true|true&#8221; global_colors_info=&#8221;{}&#8221;][et_pb_column type=&#8221;1_2&#8243; _builder_version=&#8221;4.19.5&#8243; _module_preset=&#8221;default&#8221; global_colors_info=&#8221;{}&#8221;][et_pb_image src=&#8221;https:\/\/dentelin.eu\/wp-content\/uploads\/2023\/03\/Metal-keramicke-krunice-u-gornjoj-i-donjoj-celjusti2.jpg&#8221; title_text=&#8221;Metal keramicke krunice u gornjoj i donjoj celjusti2&#8243; _builder_version=&#8221;4.19.5&#8243; _module_preset=&#8221;default&#8221; global_colors_info=&#8221;{}&#8221;][\/et_pb_image][et_pb_text _builder_version=&#8221;4.19.5&#8243; _module_preset=&#8221;default&#8221; text_text_color=&#8221;#FFFFFF&#8221; text_font_size=&#8221;18px&#8221; global_colors_info=&#8221;{}&#8221;]<\/p>\n<p>Metallic ceramic crowns in the upper and lower jaw. Good preparation translates into a good prosthetic restoration.<\/p>\n<p>[\/et_pb_text][\/et_pb_column][et_pb_column type=&#8221;1_2&#8243; _builder_version=&#8221;4.19.5&#8243; _module_preset=&#8221;default&#8221; global_colors_info=&#8221;{}&#8221;][et_pb_image src=&#8221;https:\/\/dentelin.eu\/wp-content\/uploads\/2023\/03\/U-gornjoj-celjusti-nakon-ugradnje-4-dentalna-implanata.jpg&#8221; title_text=&#8221;U gornjoj celjusti nakon ugradnje 4 dentalna implanata&#8221; _builder_version=&#8221;4.19.5&#8243; _module_preset=&#8221;default&#8221; global_colors_info=&#8221;{}&#8221;][\/et_pb_image][et_pb_text _builder_version=&#8221;4.19.5&#8243; _module_preset=&#8221;default&#8221; text_text_color=&#8221;#FFFFFF&#8221; text_font_size=&#8221;18px&#8221; global_colors_info=&#8221;{}&#8221;]<\/p>\n<p>In the upper jaw, after the placement of 4 dental implants, the patient received a reduced partial denture on rail, which also saw fixations on the implants. At the bottom left, an enviable lateral bridge has been created for the implants.<\/p>\n<p>[\/et_pb_text][\/et_pb_column][\/et_pb_row][et_pb_row column_structure=&#8221;1_2,1_2&#8243; make_equal=&#8221;on&#8221; _builder_version=&#8221;4.19.5&#8243; _module_preset=&#8221;default&#8221; background_color=&#8221;#242834&#8243; width_tablet=&#8221;&#8221; width_phone=&#8221;100%&#8221; width_last_edited=&#8221;on|phone&#8221; max_width=&#8221;80%&#8221; max_width_tablet=&#8221;80%&#8221; max_width_phone=&#8221;100%&#8221; max_width_last_edited=&#8221;on|phone&#8221; custom_margin=&#8221;0px|auto||auto|false|false&#8221; custom_padding=&#8221;3%|3%|3%|3%|true|true&#8221; border_width_top=&#8221;1px&#8221; global_colors_info=&#8221;{}&#8221;][et_pb_column type=&#8221;1_2&#8243; _builder_version=&#8221;4.19.5&#8243; _module_preset=&#8221;default&#8221; global_colors_info=&#8221;{}&#8221;][et_pb_image src=&#8221;https:\/\/dentelin.eu\/wp-content\/uploads\/2023\/03\/Cirkon-keramicke-krunice-u-gornjoj-celjusti.jpg&#8221; title_text=&#8221;Cirkon kerami\u010dke krunice u gornjoj celjusti&#8221; _builder_version=&#8221;4.19.5&#8243; _module_preset=&#8221;default&#8221; global_colors_info=&#8221;{}&#8221;][\/et_pb_image][et_pb_text _builder_version=&#8221;4.19.5&#8243; _module_preset=&#8221;default&#8221; text_text_color=&#8221;#FFFFFF&#8221; text_font_size=&#8221;18px&#8221; global_colors_info=&#8221;{}&#8221;]<\/p>\n<p>Zirconia ceramic crown in the upper jaw. Pre-prosthetic preparation included cleaning and curettage around the tooth, treating a root canal, and creating an abutment.<\/p>\n<p>[\/et_pb_text][\/et_pb_column][et_pb_column type=&#8221;1_2&#8243; _builder_version=&#8221;4.19.5&#8243; _module_preset=&#8221;default&#8221; global_colors_info=&#8221;{}&#8221;][et_pb_image src=&#8221;https:\/\/dentelin.eu\/wp-content\/uploads\/2023\/03\/Pacijentici-je-uraden-gornji-most-sa-cirkonskom-bazom.jpg&#8221; title_text=&#8221;Pacijentici je uraden gornji most sa cirkonskom bazom&#8221; _builder_version=&#8221;4.19.5&#8243; _module_preset=&#8221;default&#8221; global_colors_info=&#8221;{}&#8221;][\/et_pb_image][et_pb_text _builder_version=&#8221;4.19.5&#8243; _module_preset=&#8221;default&#8221; text_text_color=&#8221;#FFFFFF&#8221; text_font_size=&#8221;18px&#8221; global_colors_info=&#8221;{}&#8221;]<\/p>\n<p>The patient had an upper bridge made with a zirconia base. Due to a more conservative preparation, the patient had provisional teeth worn for a period of 2 months, after which she received the definitive restoration.<\/p>\n<p>[\/et_pb_text][\/et_pb_column][\/et_pb_row][et_pb_row column_structure=&#8221;1_2,1_2&#8243; make_equal=&#8221;on&#8221; _builder_version=&#8221;4.19.5&#8243; _module_preset=&#8221;default&#8221; background_color=&#8221;#242834&#8243; width_tablet=&#8221;&#8221; width_phone=&#8221;100%&#8221; width_last_edited=&#8221;on|phone&#8221; max_width=&#8221;80%&#8221; max_width_tablet=&#8221;80%&#8221; max_width_phone=&#8221;100%&#8221; max_width_last_edited=&#8221;on|phone&#8221; custom_margin=&#8221;0px|auto||auto|false|false&#8221; custom_padding=&#8221;3%|3%|3%|3%|true|true&#8221; border_width_top=&#8221;1px&#8221; global_colors_info=&#8221;{}&#8221;][et_pb_column type=&#8221;1_2&#8243; _builder_version=&#8221;4.19.5&#8243; _module_preset=&#8221;default&#8221; global_colors_info=&#8221;{}&#8221;][et_pb_image src=&#8221;https:\/\/dentelin.eu\/wp-content\/uploads\/2023\/03\/Fiksna-ortodonstka-terapija2.jpg&#8221; title_text=&#8221;Fiksna ortodonstka terapija2&#8243; _builder_version=&#8221;4.19.5&#8243; _module_preset=&#8221;default&#8221; global_colors_info=&#8221;{}&#8221;][\/et_pb_image][et_pb_text _builder_version=&#8221;4.19.5&#8243; _module_preset=&#8221;default&#8221; text_text_color=&#8221;#FFFFFF&#8221; text_font_size=&#8221;18px&#8221; global_colors_info=&#8221;{}&#8221;]<\/p>\n<p>Fixed orthodontic therapy. Correction of primary compression in the lower jaw and diastema closure in the upper jaw.<\/p>\n<p>[\/et_pb_text][\/et_pb_column][et_pb_column type=&#8221;1_2&#8243; _builder_version=&#8221;4.19.5&#8243; _module_preset=&#8221;default&#8221; global_colors_info=&#8221;{}&#8221;][et_pb_image src=&#8221;https:\/\/dentelin.eu\/wp-content\/uploads\/2024\/02\/5.jpg&#8221; title_text=&#8221;5&#8243; _builder_version=&#8221;4.24.0&#8243; _module_preset=&#8221;default&#8221; global_colors_info=&#8221;{}&#8221;][\/et_pb_image][et_pb_text _builder_version=&#8221;4.24.0&#8243; _module_preset=&#8221;default&#8221; text_text_color=&#8221;#FFFFFF&#8221; text_font_size=&#8221;18px&#8221; global_colors_info=&#8221;{}&#8221;]Edentulous upper jaw with built-in implants, and later solved with prosthetic replacement in the form of a crossbar, and maximally reduced skeletal (wironite) prosthesis. Fixed work was done in the lower jaw. The patient was restored to function as well as a satisfied aesthetic moment.[\/et_pb_text][\/et_pb_column][\/et_pb_row][et_pb_row column_structure=&#8221;1_2,1_2&#8243; make_equal=&#8221;on&#8221; _builder_version=&#8221;4.19.5&#8243; _module_preset=&#8221;default&#8221; background_color=&#8221;#242834&#8243; width_tablet=&#8221;&#8221; width_phone=&#8221;100%&#8221; width_last_edited=&#8221;on|phone&#8221; max_width=&#8221;80%&#8221; max_width_tablet=&#8221;80%&#8221; max_width_phone=&#8221;100%&#8221; max_width_last_edited=&#8221;on|phone&#8221; custom_margin=&#8221;0px|auto||auto|false|false&#8221; custom_padding=&#8221;3%|3%|3%|3%|true|true&#8221; border_width_top=&#8221;1px&#8221; global_colors_info=&#8221;{}&#8221;][et_pb_column type=&#8221;1_2&#8243; _builder_version=&#8221;4.19.5&#8243; _module_preset=&#8221;default&#8221; global_colors_info=&#8221;{}&#8221;][et_pb_image src=&#8221;https:\/\/dentelin.eu\/wp-content\/uploads\/2024\/02\/7.jpg&#8221; title_text=&#8221;7&#8243; _builder_version=&#8221;4.24.0&#8243; _module_preset=&#8221;default&#8221; global_colors_info=&#8221;{}&#8221;][\/et_pb_image][et_pb_text _builder_version=&#8221;4.24.0&#8243; _module_preset=&#8221;default&#8221; text_text_color=&#8221;#FFFFFF&#8221; text_font_size=&#8221;18px&#8221; global_colors_info=&#8221;{}&#8221;]Fixed prosthetic restoration of the upper jaw. The protrusion of the upper front has been successfully corrected through proper grinding to address the initial irregularity that hindered both aesthetic and functional aspects.[\/et_pb_text][\/et_pb_column][et_pb_column type=&#8221;1_2&#8243; _builder_version=&#8221;4.19.5&#8243; _module_preset=&#8221;default&#8221; global_colors_info=&#8221;{}&#8221;][et_pb_image src=&#8221;https:\/\/dentelin.eu\/wp-content\/uploads\/2024\/02\/9.jpg&#8221; title_text=&#8221;9&#8243; _builder_version=&#8221;4.24.0&#8243; _module_preset=&#8221;default&#8221; global_colors_info=&#8221;{}&#8221;][\/et_pb_image][et_pb_text _builder_version=&#8221;4.24.0&#8243; _module_preset=&#8221;default&#8221; text_text_color=&#8221;#FFFFFF&#8221; text_font_size=&#8221;18px&#8221; global_colors_info=&#8221;{}&#8221;]Bilateral elevation of the maxillary sinus, implant placement, extractions, endodontic treatment are just some of the therapeutic procedures that were applied during the planning and subsequent implementation of the definitive fixed prosthetic work of the upper and lower jaw.[\/et_pb_text][\/et_pb_column][\/et_pb_row][et_pb_row column_structure=&#8221;1_2,1_2&#8243; make_equal=&#8221;on&#8221; _builder_version=&#8221;4.19.5&#8243; _module_preset=&#8221;default&#8221; background_color=&#8221;#242834&#8243; width_tablet=&#8221;&#8221; width_phone=&#8221;100%&#8221; width_last_edited=&#8221;on|phone&#8221; max_width=&#8221;80%&#8221; max_width_tablet=&#8221;80%&#8221; max_width_phone=&#8221;100%&#8221; max_width_last_edited=&#8221;on|phone&#8221; custom_margin=&#8221;0px|auto||auto|false|false&#8221; custom_padding=&#8221;3%|3%|3%|3%|true|true&#8221; border_width_top=&#8221;1px&#8221; global_colors_info=&#8221;{}&#8221;][et_pb_column type=&#8221;1_2&#8243; _builder_version=&#8221;4.19.5&#8243; _module_preset=&#8221;default&#8221; global_colors_info=&#8221;{}&#8221;][et_pb_image src=&#8221;https:\/\/dentelin.eu\/wp-content\/uploads\/2024\/03\/cirkon-keramicke-krunice-u-donjoj-i-gornjoj-celjusti.jpg&#8221; title_text=&#8221;cirkon keramicke krunice u donjoj i gornjoj celjusti&#8221; _builder_version=&#8221;4.24.0&#8243; _module_preset=&#8221;default&#8221; global_colors_info=&#8221;{}&#8221;][\/et_pb_image][et_pb_text _builder_version=&#8221;4.24.0&#8243; _module_preset=&#8221;default&#8221; text_text_color=&#8221;#FFFFFF&#8221; text_font_size=&#8221;18px&#8221; global_colors_info=&#8221;{}&#8221;]The patient had been wearing temporary acrylic crowns for several years, made in another clinic. Beneath the crowns, there were numerous treated teeth, as well as teeth that needed extraction, and the patient also had an open bite. After rehabilitation and placement of new temporary teeth, she ultimately received zirconia ceramic crowns in both the upper and lower jaw.[\/et_pb_text][\/et_pb_column][et_pb_column type=&#8221;1_2&#8243; _builder_version=&#8221;4.19.5&#8243; _module_preset=&#8221;default&#8221; global_colors_info=&#8221;{}&#8221;][et_pb_image src=&#8221;https:\/\/dentelin.eu\/wp-content\/uploads\/2024\/03\/Protetska-sanacija-gornje-celjusti.jpg&#8221; title_text=&#8221;Protetska sanacija gornje celjusti&#8221; _builder_version=&#8221;4.24.0&#8243; _module_preset=&#8221;default&#8221; global_colors_info=&#8221;{}&#8221;][\/et_pb_image][et_pb_text _builder_version=&#8221;4.24.0&#8243; _module_preset=&#8221;default&#8221; text_text_color=&#8221;#FFFFFF&#8221; text_font_size=&#8221;18px&#8221; global_colors_info=&#8221;{}&#8221;]Prosthetic rehabilitation of the upper jaw with metal-ceramic crowns. Several teeth were extracted, and some teeth had to undergo endodontic treatment due to more severe carious lesions. Ultimately, the patient obtained a smile that did not significantly alter her appearance but functionally matched the height she was accustomed to.[\/et_pb_text][\/et_pb_column][\/et_pb_row][et_pb_row column_structure=&#8221;1_2,1_2&#8243; make_equal=&#8221;on&#8221; _builder_version=&#8221;4.19.5&#8243; _module_preset=&#8221;default&#8221; background_color=&#8221;#242834&#8243; width_tablet=&#8221;&#8221; width_phone=&#8221;100%&#8221; width_last_edited=&#8221;on|phone&#8221; max_width=&#8221;80%&#8221; max_width_tablet=&#8221;80%&#8221; max_width_phone=&#8221;100%&#8221; max_width_last_edited=&#8221;on|phone&#8221; custom_margin=&#8221;0px|auto||auto|false|false&#8221; custom_padding=&#8221;3%|3%|3%|3%|true|true&#8221; border_width_top=&#8221;1px&#8221; global_colors_info=&#8221;{}&#8221;][et_pb_column type=&#8221;1_2&#8243; _builder_version=&#8221;4.19.5&#8243; _module_preset=&#8221;default&#8221; global_colors_info=&#8221;{}&#8221;][et_pb_image src=&#8221;https:\/\/dentelin.eu\/wp-content\/uploads\/2024\/05\/15.jpg&#8221; title_text=&#8221;15&#8243; _builder_version=&#8221;4.24.2&#8243; _module_preset=&#8221;default&#8221; global_colors_info=&#8221;{}&#8221;][\/et_pb_image][et_pb_text _builder_version=&#8221;4.24.2&#8243; _module_preset=&#8221;default&#8221; text_text_color=&#8221;#FFFFFF&#8221; text_font_size=&#8221;18px&#8221; global_colors_info=&#8221;{}&#8221;]Fixed orthodontic therapy of upper and lower jaw. Primary correction and mild open bite resolved through a combination of speech therapy for mild infantile swallowing and orthodontics.[\/et_pb_text][\/et_pb_column][et_pb_column type=&#8221;1_2&#8243; _builder_version=&#8221;4.19.5&#8243; _module_preset=&#8221;default&#8221; global_colors_info=&#8221;{}&#8221;][et_pb_image src=&#8221;https:\/\/dentelin.eu\/wp-content\/uploads\/2024\/06\/Zatvaranje-dijastema.jpg&#8221; title_text=&#8221;Zatvaranje dijastema&#8221; _builder_version=&#8221;4.24.2&#8243; _module_preset=&#8221;default&#8221; global_colors_info=&#8221;{}&#8221;][\/et_pb_image][et_pb_text _builder_version=&#8221;4.24.2&#8243; _module_preset=&#8221;default&#8221; text_text_color=&#8221;#FFFFFF&#8221; text_font_size=&#8221;18px&#8221; global_colors_info=&#8221;{}&#8221;] Proposed diastema, slight protrusion of the anterior teeth, and inadequate prosthetic supply for teeth 13, 12, 22.<br \/>\nClosing diastemas and correcting tooth positions with zirconia ceramic crowns.[\/et_pb_text][\/et_pb_column][\/et_pb_row][et_pb_row column_structure=&#8221;1_2,1_2&#8243; make_equal=&#8221;on&#8221; _builder_version=&#8221;4.24.2&#8243; _module_preset=&#8221;default&#8221; background_color=&#8221;#242834&#8243; width_tablet=&#8221;&#8221; width_phone=&#8221;100%&#8221; width_last_edited=&#8221;on|phone&#8221; max_width=&#8221;80%&#8221; max_width_tablet=&#8221;80%&#8221; max_width_phone=&#8221;100%&#8221; max_width_last_edited=&#8221;on|phone&#8221; custom_margin=&#8221;0px|auto||auto|false|false&#8221; custom_padding=&#8221;3%|3%|3%|3%|true|true&#8221; border_width_top=&#8221;1px&#8221; global_colors_info=&#8221;{}&#8221; theme_builder_area=&#8221;post_content&#8221;][et_pb_column type=&#8221;1_2&#8243; _builder_version=&#8221;4.19.5&#8243; _module_preset=&#8221;default&#8221; global_colors_info=&#8221;{}&#8221; theme_builder_area=&#8221;post_content&#8221;][et_pb_image src=&#8221;https:\/\/dentelin.eu\/wp-content\/uploads\/2025\/02\/15.jpg&#8221; title_text=&#8221;15&#8243; _builder_version=&#8221;4.27.4&#8243; _module_preset=&#8221;default&#8221; global_colors_info=&#8221;{}&#8221; theme_builder_area=&#8221;post_content&#8221;][\/et_pb_image][et_pb_text _builder_version=&#8221;4.27.4&#8243; _module_preset=&#8221;default&#8221; text_text_color=&#8221;#FFFFFF&#8221; text_font_size=&#8221;18px&#8221; hover_enabled=&#8221;0&#8243; global_colors_info=&#8221;{}&#8221; theme_builder_area=&#8221;post_content&#8221; sticky_enabled=&#8221;0&#8243;]The patient had an upper reverse overlap and bilateral lateral bridges. After taking an X-ray, we decided to place 12 metal-ceramic crowns in the upper jaw, which also corrected the bite and achieved an overlap that satisfied both aesthetic and functional form.[\/et_pb_text][\/et_pb_column][et_pb_column type=&#8221;1_2&#8243; _builder_version=&#8221;4.19.5&#8243; _module_preset=&#8221;default&#8221; global_colors_info=&#8221;{}&#8221; theme_builder_area=&#8221;post_content&#8221;][et_pb_image src=&#8221;https:\/\/dentelin.eu\/wp-content\/uploads\/2025\/02\/16.jpg&#8221; title_text=&#8221;16&#8243; _builder_version=&#8221;4.27.4&#8243; _module_preset=&#8221;default&#8221; global_colors_info=&#8221;{}&#8221; theme_builder_area=&#8221;post_content&#8221;][\/et_pb_image][et_pb_text _builder_version=&#8221;4.27.4&#8243; _module_preset=&#8221;default&#8221; text_text_color=&#8221;#FFFFFF&#8221; text_font_size=&#8221;18px&#8221; hover_enabled=&#8221;0&#8243; global_colors_info=&#8221;{}&#8221; theme_builder_area=&#8221;post_content&#8221; sticky_enabled=&#8221;0&#8243;]The patient was dissatisfied with her upper front teeth (the first four crowns) due to excessive changes in aesthetic fillings. She decided to get four new upper crowns. After three visits, the treatment was completed, and the patient was very satisfied with the final outcome.[\/et_pb_text][\/et_pb_column][\/et_pb_row][et_pb_row column_structure=&#8221;1_2,1_2&#8243; make_equal=&#8221;on&#8221; _builder_version=&#8221;4.24.2&#8243; _module_preset=&#8221;default&#8221; background_color=&#8221;#242834&#8243; width_tablet=&#8221;&#8221; width_phone=&#8221;100%&#8221; width_last_edited=&#8221;on|phone&#8221; max_width=&#8221;80%&#8221; max_width_tablet=&#8221;80%&#8221; max_width_phone=&#8221;100%&#8221; max_width_last_edited=&#8221;on|phone&#8221; custom_margin=&#8221;0px|auto||auto|false|false&#8221; custom_padding=&#8221;3%|3%|3%|3%|true|true&#8221; border_width_top=&#8221;1px&#8221; global_colors_info=&#8221;{}&#8221; theme_builder_area=&#8221;post_content&#8221;][et_pb_column type=&#8221;1_2&#8243; _builder_version=&#8221;4.19.5&#8243; _module_preset=&#8221;default&#8221; global_colors_info=&#8221;{}&#8221; theme_builder_area=&#8221;post_content&#8221;][et_pb_image src=&#8221;https:\/\/dentelin.eu\/wp-content\/uploads\/2025\/02\/17.jpg&#8221; title_text=&#8221;17&#8243; _builder_version=&#8221;4.27.4&#8243; _module_preset=&#8221;default&#8221; global_colors_info=&#8221;{}&#8221; theme_builder_area=&#8221;post_content&#8221;][\/et_pb_image][et_pb_text _builder_version=&#8221;4.27.4&#8243; _module_preset=&#8221;default&#8221; text_text_color=&#8221;#FFFFFF&#8221; text_font_size=&#8221;18px&#8221; hover_enabled=&#8221;0&#8243; global_colors_info=&#8221;{}&#8221; theme_builder_area=&#8221;post_content&#8221; sticky_enabled=&#8221;0&#8243;]The patient had worn-down teeth, old fillings, and a few crowns in the upper jaw. A complete restoration was performed, including an upper fixed prosthesis and a lower fixed-removable prosthesis. The patient was functionally and aesthetically satisfied.[\/et_pb_text][\/et_pb_column][et_pb_column type=&#8221;1_2&#8243; _builder_version=&#8221;4.19.5&#8243; _module_preset=&#8221;default&#8221; global_colors_info=&#8221;{}&#8221; theme_builder_area=&#8221;post_content&#8221;][\/et_pb_column][\/et_pb_row][\/et_pb_section]<\/p>\n","protected":false},"excerpt":{"rendered":"<p>GalleryExtraction of upper and lower jaw teeth. Placement of dental implants and, after an integration period, production of reduced skeletal bars and prostheses.Metallic ceramic crowns in the upper and lower jaw. The patient had 2 teeth extracted, deep curettage and cleaning of the dental arches; treatment of one tooth and cleaning of carious lesions on [&hellip;]<\/p>\n","protected":false},"author":1,"featured_media":0,"parent":0,"menu_order":0,"comment_status":"closed","ping_status":"closed","template":"","meta":{"_et_pb_use_builder":"on","_et_pb_old_content":"<p>[et_pb_section fb_built=\"1\" _builder_version=\"4.19.5\" _module_preset=\"default\" background_image=\"https:\/\/dentelin.eu\/wp-content\/uploads\/2023\/03\/dentelin-header.jpg\" global_colors_info=\"{}\"][et_pb_row _builder_version=\"4.19.5\" _module_preset=\"default\" max_width=\"80%\" global_colors_info=\"{}\"][et_pb_column type=\"4_4\" _builder_version=\"4.19.5\" _module_preset=\"default\" global_colors_info=\"{}\"][et_pb_text _builder_version=\"4.19.5\" _module_preset=\"default\" header_text_color=\"#FFFFFF\" header_font_size=\"40px\" global_colors_info=\"{}\"]<\/p>\r\n<h1>Galerija<\/h1>\r\n<p>[\/et_pb_text][\/et_pb_column][\/et_pb_row][\/et_pb_section][et_pb_section fb_built=\"1\" _builder_version=\"4.19.5\" _module_preset=\"default\" background_color=\"#00060f\" background_image=\"https:\/\/dentelin.eu\/wp-content\/uploads\/2023\/03\/radovi.jpg\" parallax=\"on\" custom_padding=\"0px||208px||false|false\" global_colors_info=\"{}\"][et_pb_row column_structure=\"1_2,1_2\" make_equal=\"on\" _builder_version=\"4.19.5\" _module_preset=\"default\" background_color=\"#242834\" width_tablet=\"\" width_phone=\"100%\" width_last_edited=\"on|phone\" max_width=\"80%\" max_width_tablet=\"80%\" max_width_phone=\"100%\" max_width_last_edited=\"on|phone\" custom_margin=\"0px|auto||auto|false|false\" custom_padding=\"3%|3%|3%|3%|true|true\" border_width_bottom=\"1px\" global_colors_info=\"{}\"][et_pb_column type=\"1_2\" _builder_version=\"4.19.5\" _module_preset=\"default\" global_colors_info=\"{}\"][et_pb_image src=\"https:\/\/dentelin.eu\/wp-content\/uploads\/2023\/03\/Vadenje-zuba-gornje-i-donje-celjusti.jpg\" title_text=\"Vadenje zuba gornje i donje celjusti\" _builder_version=\"4.19.5\" _module_preset=\"default\" global_colors_info=\"{}\"][\/et_pb_image][et_pb_text _builder_version=\"4.19.5\" _module_preset=\"default\" text_text_color=\"#FFFFFF\" text_font_size=\"18px\" global_colors_info=\"{}\"]Va\u0111enje zuba gornje i donje \u010deljusti. Ugradnja dentalnih implantata te nakon perioda integracija izrada pre\u010dki, te reduciranih skeletiranih proteza. [\/et_pb_text][\/et_pb_column][et_pb_column type=\"1_2\" _builder_version=\"4.19.5\" _module_preset=\"default\" global_colors_info=\"{}\"][et_pb_image src=\"https:\/\/dentelin.eu\/wp-content\/uploads\/2023\/03\/Metal-keramicke-krunice-u-gornjoj-i-donjoj-celjusti.jpg\" title_text=\"Metal keramicke krunice u gornjoj i donjoj celjusti\" _builder_version=\"4.19.5\" _module_preset=\"default\" global_colors_info=\"{}\"][\/et_pb_image][et_pb_text _builder_version=\"4.19.5\" _module_preset=\"default\" text_text_color=\"#FFFFFF\" text_font_size=\"18px\" global_colors_info=\"{}\"]Metal kerami\u010dke krunice u gornjoj i donjoj \u010deljusti. Pacijentu su izva\u0111ena 2 zuba, uradila se duboka kireta\u017ea i \u010di\u0161\u0107enje zubnih lukova; lije\u010denje jednog zuba te \u010di\u0161\u0107enje karioznih lezija na 5 zuba.[\/et_pb_text][\/et_pb_column][\/et_pb_row][et_pb_row column_structure=\"1_2,1_2\" make_equal=\"on\" _builder_version=\"4.19.5\" _module_preset=\"default\" background_color=\"#242834\" width_tablet=\"\" width_phone=\"100%\" width_last_edited=\"on|phone\" max_width=\"80%\" max_width_tablet=\"80%\" max_width_phone=\"100%\" max_width_last_edited=\"on|phone\" custom_margin=\"0px|auto||auto|false|false\" custom_padding=\"3%|3%|3%|3%|true|true\" global_colors_info=\"{}\"][et_pb_column type=\"1_2\" _builder_version=\"4.19.5\" _module_preset=\"default\" global_colors_info=\"{}\"][et_pb_image src=\"https:\/\/dentelin.eu\/wp-content\/uploads\/2023\/03\/Metal-keramicke-krunice-u-gornjoj-i-donjoj-celjusti2.jpg\" title_text=\"Metal keramicke krunice u gornjoj i donjoj celjusti2\" _builder_version=\"4.19.5\" _module_preset=\"default\" global_colors_info=\"{}\"][\/et_pb_image][et_pb_text _builder_version=\"4.19.5\" _module_preset=\"default\" text_text_color=\"#FFFFFF\" text_font_size=\"18px\" global_colors_info=\"{}\"]Metal kerami\u010dke krunice u gornjoj i donjoj \u010deljusti. Dobra priprema rezultira dobrim protetskim nadomjestkom.[\/et_pb_text][\/et_pb_column][et_pb_column type=\"1_2\" _builder_version=\"4.19.5\" _module_preset=\"default\" global_colors_info=\"{}\"][et_pb_image src=\"https:\/\/dentelin.eu\/wp-content\/uploads\/2023\/03\/U-gornjoj-celjusti-nakon-ugradnje-4-dentalna-implanata.jpg\" title_text=\"U gornjoj celjusti nakon ugradnje 4 dentalna implanata\" _builder_version=\"4.19.5\" _module_preset=\"default\" global_colors_info=\"{}\"][\/et_pb_image][et_pb_text _builder_version=\"4.19.5\" _module_preset=\"default\" text_text_color=\"#FFFFFF\" text_font_size=\"18px\" global_colors_info=\"{}\"]U gornjoj \u010deljusti nakon ugradnje 4 dentalna implanata pacijent je dobio reduciranu skeletiranu protezu na \u0161ini koja je uvidana i u\u010dvr\u0161\u0107enja na implantatima. Dole lijevo se uradio lateralni bo\u010dni most zavidan na implantatima.[\/et_pb_text][\/et_pb_column][\/et_pb_row][et_pb_row column_structure=\"1_2,1_2\" make_equal=\"on\" _builder_version=\"4.19.5\" _module_preset=\"default\" background_color=\"#242834\" width_tablet=\"\" width_phone=\"100%\" width_last_edited=\"on|phone\" max_width=\"80%\" max_width_tablet=\"80%\" max_width_phone=\"100%\" max_width_last_edited=\"on|phone\" custom_margin=\"0px|auto||auto|false|false\" custom_padding=\"3%|3%|3%|3%|true|true\" border_width_top=\"1px\" global_colors_info=\"{}\"][et_pb_column type=\"1_2\" _builder_version=\"4.19.5\" _module_preset=\"default\" global_colors_info=\"{}\"][et_pb_image src=\"https:\/\/dentelin.eu\/wp-content\/uploads\/2023\/03\/Cirkon-keramicke-krunice-u-gornjoj-celjusti.jpg\" title_text=\"Cirkon kerami\u010dke krunice u gornjoj celjusti\" _builder_version=\"4.19.5\" _module_preset=\"default\" global_colors_info=\"{}\"][\/et_pb_image][et_pb_text _builder_version=\"4.19.5\" _module_preset=\"default\" text_text_color=\"#FFFFFF\" text_font_size=\"18px\" global_colors_info=\"{}\"]Cirkon kerami\u010dke krunice u gornjoj \u010deljusti. Predprotetska priprema je sadr\u017eavala \u010di\u0161\u0107enje i kireta\u017eu oko zuba, lije\u010denje jednog korijenskog kanala te izradu nedogradnje. [\/et_pb_text][\/et_pb_column][et_pb_column type=\"1_2\" _builder_version=\"4.19.5\" _module_preset=\"default\" global_colors_info=\"{}\"][et_pb_image src=\"https:\/\/dentelin.eu\/wp-content\/uploads\/2023\/03\/Pacijentici-je-uraden-gornji-most-sa-cirkonskom-bazom.jpg\" title_text=\"Pacijentici je uraden gornji most sa cirkonskom bazom\" _builder_version=\"4.19.5\" _module_preset=\"default\" global_colors_info=\"{}\"][\/et_pb_image][et_pb_text _builder_version=\"4.19.5\" _module_preset=\"default\" text_text_color=\"#FFFFFF\" text_font_size=\"18px\" global_colors_info=\"{}\"]Pacijentici je ura\u0111en gornji most sa cirkonskom bazom. Zbog ve\u0107e konzervativne pripreme pacijentica je nosila privremene zube kroz period od 2mjeseca nakon kojeg je dobila kona\u010dni rad.[\/et_pb_text][\/et_pb_column][\/et_pb_row][et_pb_row column_structure=\"1_2,1_2\" make_equal=\"on\" _builder_version=\"4.19.5\" _module_preset=\"default\" background_color=\"#242834\" width_tablet=\"\" width_phone=\"100%\" width_last_edited=\"on|phone\" max_width=\"80%\" max_width_tablet=\"80%\" max_width_phone=\"100%\" max_width_last_edited=\"on|phone\" custom_margin=\"0px|auto||auto|false|false\" custom_padding=\"3%|3%|3%|3%|true|true\" border_width_top=\"1px\" global_colors_info=\"{}\"][et_pb_column type=\"1_2\" _builder_version=\"4.19.5\" _module_preset=\"default\" global_colors_info=\"{}\"][et_pb_image src=\"https:\/\/dentelin.eu\/wp-content\/uploads\/2023\/03\/Fiksna-ortodonstka-terapija2.jpg\" title_text=\"Fiksna ortodonstka terapija2\" _builder_version=\"4.19.5\" _module_preset=\"default\" global_colors_info=\"{}\"][\/et_pb_image][et_pb_text _builder_version=\"4.19.5\" _module_preset=\"default\" text_text_color=\"#FFFFFF\" text_font_size=\"18px\" global_colors_info=\"{}\"]Fiksna ortodonstka terapija. Korekcija primarne kompresije u donjoj \u010deljusti te zatvaranje dijastema u gornjoj \u010deljusti.[\/et_pb_text][\/et_pb_column][et_pb_column type=\"1_2\" _builder_version=\"4.19.5\" _module_preset=\"default\" global_colors_info=\"{}\"][\/et_pb_column][\/et_pb_row][\/et_pb_section]<\/p>","_et_gb_content_width":"","footnotes":""},"yoast_head":"<!-- This site is optimized with the Yoast SEO plugin v23.0 - https:\/\/yoast.com\/wordpress\/plugins\/seo\/ -->\n<title>Dental art in our photo gallery | Dentelin<\/title>\n<meta name=\"description\" content=\"Discover the transformative power of expert dental care. View our gallery for real results. Inspire your dental journey \u2013 Schedule a visit!\" \/>\n<meta name=\"robots\" content=\"index, follow, max-snippet:-1, max-image-preview:large, max-video-preview:-1\" \/>\n<link rel=\"canonical\" href=\"https:\/\/dentelin.eu\/en\/gallery\/\" \/>\n<meta property=\"og:locale\" content=\"en_US\" \/>\n<meta property=\"og:type\" content=\"article\" \/>\n<meta property=\"og:title\" content=\"Dental art in our photo gallery | Dentelin\" \/>\n<meta property=\"og:description\" content=\"Discover the transformative power of expert dental care. View our gallery for real results. Inspire your dental journey \u2013 Schedule a visit!\" \/>\n<meta property=\"og:url\" content=\"https:\/\/dentelin.eu\/en\/gallery\/\" \/>\n<meta property=\"og:site_name\" content=\"Dentelin Coop stomatolo\u0161ka ordinacija u Rovinju\" \/>\n<meta property=\"article:modified_time\" content=\"2025-02-19T17:22:51+00:00\" \/>\n<meta name=\"twitter:card\" content=\"summary_large_image\" \/>\n<meta name=\"twitter:label1\" content=\"Est. reading time\" \/>\n\t<meta name=\"twitter:data1\" content=\"3 minutes\" \/>\n<script type=\"application\/ld+json\" class=\"yoast-schema-graph\">{\"@context\":\"https:\/\/schema.org\",\"@graph\":[{\"@type\":\"WebPage\",\"@id\":\"https:\/\/dentelin.eu\/en\/gallery\/\",\"url\":\"https:\/\/dentelin.eu\/en\/gallery\/\",\"name\":\"Dental art in our photo gallery | Dentelin\",\"isPartOf\":{\"@id\":\"https:\/\/dentelin.eu\/en\/#website\"},\"datePublished\":\"2023-03-25T08:00:32+00:00\",\"dateModified\":\"2025-02-19T17:22:51+00:00\",\"description\":\"Discover the transformative power of expert dental care. View our gallery for real results. Inspire your dental journey \u2013 Schedule a visit!\",\"breadcrumb\":{\"@id\":\"https:\/\/dentelin.eu\/en\/gallery\/#breadcrumb\"},\"inLanguage\":\"en-US\",\"potentialAction\":[{\"@type\":\"ReadAction\",\"target\":[\"https:\/\/dentelin.eu\/en\/gallery\/\"]}]},{\"@type\":\"BreadcrumbList\",\"@id\":\"https:\/\/dentelin.eu\/en\/gallery\/#breadcrumb\",\"itemListElement\":[{\"@type\":\"ListItem\",\"position\":1,\"name\":\"Po\u010detna stranica\",\"item\":\"https:\/\/dentelin.eu\/en\/\"},{\"@type\":\"ListItem\",\"position\":2,\"name\":\"Gallery\"}]},{\"@type\":\"WebSite\",\"@id\":\"https:\/\/dentelin.eu\/en\/#website\",\"url\":\"https:\/\/dentelin.eu\/en\/\",\"name\":\"Dentelin Coop stomatolo\u0161ka ordinacija u Rovinju\",\"description\":\"\",\"potentialAction\":[{\"@type\":\"SearchAction\",\"target\":{\"@type\":\"EntryPoint\",\"urlTemplate\":\"https:\/\/dentelin.eu\/en\/?s={search_term_string}\"},\"query-input\":\"required name=search_term_string\"}],\"inLanguage\":\"en-US\"}]}<\/script>\n<!-- \/ Yoast SEO plugin. -->","yoast_head_json":{"title":"Dental art in our photo gallery | Dentelin","description":"Discover the transformative power of expert dental care. View our gallery for real results. Inspire your dental journey \u2013 Schedule a visit!","robots":{"index":"index","follow":"follow","max-snippet":"max-snippet:-1","max-image-preview":"max-image-preview:large","max-video-preview":"max-video-preview:-1"},"canonical":"https:\/\/dentelin.eu\/en\/gallery\/","og_locale":"en_US","og_type":"article","og_title":"Dental art in our photo gallery | Dentelin","og_description":"Discover the transformative power of expert dental care. View our gallery for real results. Inspire your dental journey \u2013 Schedule a visit!","og_url":"https:\/\/dentelin.eu\/en\/gallery\/","og_site_name":"Dentelin Coop stomatolo\u0161ka ordinacija u Rovinju","article_modified_time":"2025-02-19T17:22:51+00:00","twitter_card":"summary_large_image","twitter_misc":{"Est. reading time":"3 minutes"},"schema":{"@context":"https:\/\/schema.org","@graph":[{"@type":"WebPage","@id":"https:\/\/dentelin.eu\/en\/gallery\/","url":"https:\/\/dentelin.eu\/en\/gallery\/","name":"Dental art in our photo gallery | Dentelin","isPartOf":{"@id":"https:\/\/dentelin.eu\/en\/#website"},"datePublished":"2023-03-25T08:00:32+00:00","dateModified":"2025-02-19T17:22:51+00:00","description":"Discover the transformative power of expert dental care. View our gallery for real results. Inspire your dental journey \u2013 Schedule a visit!","breadcrumb":{"@id":"https:\/\/dentelin.eu\/en\/gallery\/#breadcrumb"},"inLanguage":"en-US","potentialAction":[{"@type":"ReadAction","target":["https:\/\/dentelin.eu\/en\/gallery\/"]}]},{"@type":"BreadcrumbList","@id":"https:\/\/dentelin.eu\/en\/gallery\/#breadcrumb","itemListElement":[{"@type":"ListItem","position":1,"name":"Po\u010detna stranica","item":"https:\/\/dentelin.eu\/en\/"},{"@type":"ListItem","position":2,"name":"Gallery"}]},{"@type":"WebSite","@id":"https:\/\/dentelin.eu\/en\/#website","url":"https:\/\/dentelin.eu\/en\/","name":"Dentelin Coop stomatolo\u0161ka ordinacija u Rovinju","description":"","potentialAction":[{"@type":"SearchAction","target":{"@type":"EntryPoint","urlTemplate":"https:\/\/dentelin.eu\/en\/?s={search_term_string}"},"query-input":"required name=search_term_string"}],"inLanguage":"en-US"}]}},"_links":{"self":[{"href":"https:\/\/dentelin.eu\/en\/wp-json\/wp\/v2\/pages\/29740"}],"collection":[{"href":"https:\/\/dentelin.eu\/en\/wp-json\/wp\/v2\/pages"}],"about":[{"href":"https:\/\/dentelin.eu\/en\/wp-json\/wp\/v2\/types\/page"}],"author":[{"embeddable":true,"href":"https:\/\/dentelin.eu\/en\/wp-json\/wp\/v2\/users\/1"}],"replies":[{"embeddable":true,"href":"https:\/\/dentelin.eu\/en\/wp-json\/wp\/v2\/comments?post=29740"}],"version-history":[{"count":12,"href":"https:\/\/dentelin.eu\/en\/wp-json\/wp\/v2\/pages\/29740\/revisions"}],"predecessor-version":[{"id":33346,"href":"https:\/\/dentelin.eu\/en\/wp-json\/wp\/v2\/pages\/29740\/revisions\/33346"}],"wp:attachment":[{"href":"https:\/\/dentelin.eu\/en\/wp-json\/wp\/v2\/media?parent=29740"}],"curies":[{"name":"wp","href":"https:\/\/api.w.org\/{rel}","templated":true}]}}